{"id":979,"date":"2022-02-23T18:12:21","date_gmt":"2022-02-23T17:12:21","guid":{"rendered":"https:\/\/www.imhar.net\/?page_id=979"},"modified":"2023-09-14T22:51:51","modified_gmt":"2023-09-14T20:51:51","slug":"datenschutz","status":"publish","type":"page","link":"https:\/\/www.imhar.net\/en\/datenschutz\/","title":{"rendered":"Datenschutz"},"content":{"rendered":"\n<h1 class=\"wp-block-heading\">Datenschutzhinweise nach Art. 13 und 21 DS-GVO<\/h1>\n\n\n\n<h2 class=\"wp-block-heading\">1. Allgemeines<\/h2>\n\n\n\n<p>Das <em>Institute for Medical &amp; Health Humanities and Artistic Research<\/em> und die <em>International Association for Medical &amp; Health Humanities and Artistic Research<\/em> e.V. nehmen den Schutz Ihrer personenbezogenen Daten und die diesem Schutz dienenden gesetzlichen Verpflichtungen sehr ernst. Die gesetzlichen Vorgaben verlangen umfassende Transparenz \u00fcber die Verarbeitung pers\u00f6nlicher Daten. Nur wenn die Verarbeitung f\u00fcr Sie als betroffene Person nachvollziehbar ist, sind Sie ausreichend \u00fcber den Sinn, Zweck und Umfang der Verarbeitung informiert. Unsere Datenschutzerkl\u00e4rung erkl\u00e4rt Ihnen deshalb ausf\u00fchrlich, welche sog. personenbezogenen Daten (Definition s. unten) von uns bei der Nutzung der Website www.imhar.net&nbsp;und allen hierauf verweisenden anderen Internetseiten verarbeitet (Definition s. unten) werden.<\/p>\n\n\n\n<p>Verantwortlicher im Sinne der Datenschutz-Grundverordnung (DS-GVO), des Bundesdatenschutzgesetzes (BDSG) sowie sonstiger datenschutzrechtlicher Vorgaben ist die<\/p>\n\n\n\n<p><em>International Association for Medical &amp; Health Humanities and Artistic Research<\/em> e.V.<br>vertreten durch ihren Vorstand Dr. Monika Ankele, Mascha Deneke und Dr. C\u00e9line Kaiser<br>Gro\u00dfe Stra\u00dfe 107<br>28870 Ottersberg<br>info (\u00e4t) imhar&nbsp;(Punkt) net<\/p>\n\n\n\n<p>Bitte beachten Sie, dass Sie \u00fcber Links auf unserer Website zu anderen Internetseiten gelangen k\u00f6nnen, die nicht von uns, sondern von Dritten betrieben werden. Solche Links werden von uns entweder eindeutig gekennzeichnet oder sind durch einen Wechsel in der Adresszeile Ihres Browsers erkennbar. F\u00fcr die Einhaltung der datenschutzrechtlichen Bestimmungen und einen sicheren Umgang mit Ihren personenbezogenen Daten auf diesen von Dritten betriebenen Internetseiten sind wir nicht verantwortlich.<\/p>\n\n\n\n<h2 class=\"wp-block-heading\">2. Definitionen<\/h2>\n\n\n\n<h2 class=\"wp-block-heading\">2.1. Aus der DS-GVO<\/h2>\n\n\n\n<p>Diese Datenschutzerkl\u00e4rung verwendet die Begriffe des Gesetzestextes der DS-GVO. Die Begriffsbestimmungen (Art.&nbsp;4 DS-GVO) k\u00f6nnen Sie z.B. unter <a href=\"https:\/\/dejure.org\/gesetze\/DSGVO\/4.html\" target=\"_blank\" rel=\"noreferrer noopener\">https:\/\/dejure.org\/gesetze\/DSGVO\/4.html<\/a> einsehen.<\/p>\n\n\n\n<h2 class=\"wp-block-heading\">3. Allgemeine Informationen zur Datenverarbeitung<\/h2>\n\n\n\n<p>Wir verarbeiten personenbezogene Daten nur, soweit dies gesetzlich zul\u00e4ssig ist. Eine Weitergabe personenbezogener Daten findet ausschlie\u00dflich in den unten beschriebenen F\u00e4llen (s. unten 4.) statt.<\/p>\n\n\n\n<p>Die personenbezogenen Daten werden gel\u00f6scht oder durch technische und organisatorische Ma\u00dfnahmen (z.B. Pseudonymisierung, Verschl\u00fcsselung) gesch\u00fctzt, sobald der Zweck der Verarbeitung entf\u00e4llt. Dies erfolgt auch dann, wenn eine vorgeschriebene Speicherfrist abl\u00e4uft, es sei denn, dass eine Erforderlichkeit zur weiteren Speicherung der personenbezogenen Daten f\u00fcr einen Vertragsabschluss oder eine Vertragserf\u00fcllung besteht.<\/p>\n\n\n\n<p>Sofern wir nicht gesetzlich zu einer l\u00e4ngeren Speicherung oder einer Weitergabe an Dritte (insbesondere Strafverfolgungsbeh\u00f6rden) verpflichtet sind, h\u00e4ngt die Entscheidung, welche personenbezogenen Daten von un erhoben werden, wie lange sie gespeichert werden und in welchem Umfang Sie sie ggf. offenlegen m\u00fcssen, davon ab, welche Funktionen der Website Sie im Einzelfall nutzen.<\/p>\n\n\n\n<h2 class=\"wp-block-heading\">4. Datenverarbeitung im Zusammenhang mit der Nutzung der Website<\/h2>\n\n\n\n<p>Die Nutzung der Website und ihrer Funktionen erfordert regelm\u00e4\u00dfig die Verarbeitung bestimmter personenbezogenen Daten.<\/p>\n\n\n\n<h3 class=\"wp-block-heading\">4.1. Informatorische Nutzung der Website<\/h3>\n\n\n\n<p>Wenn Sie unsere Website aufrufen und rein informatorisch, das hei\u00dft ohne Verwendung von Zusatzfunktionen wie Kontaktformular oder Social Media Plugins, nutzen, werden personenbezogene Daten nur per Google Analytics, siehe 4.1. erhoben.<\/p>\n\n\n\n<h3 class=\"wp-block-heading\">4.2. Cookie<\/h3>\n\n\n\n<p>Cookies sind Textdateien, die von einer Website auf Ihrem Endger\u00e4t abgelegt bzw. dort ausgelesen werden. Sie enthalten Buchstaben- und Zahlenkombinationen, um z.B. bei einer erneuten Verbindung zur Cookie-setzenden Website den Nutzer und seine Einstellungen wiederzuerkennen, das Eingeloggt-Bleiben in einem Kundenkonto zu erm\u00f6glichen oder ein bestimmtes Nutzungsverhalten statistisch zu analysieren. Diese Website setzt keine Cookies, wohl aber ist es m\u00f6glich, das \u00fcber den Provider Cookies gesetzt werden.<\/p>\n\n\n\n<h3 class=\"wp-block-heading\">4.3. Kontaktaufnahme per E-Mail<\/h3>\n\n\n\n<p>Wenn Sie uns eine E-Mail schreiben, werden die von Ihnen dort angegebenen personenbezogenen Daten von uns verarbeitet. Diese Informationen werden von Ihrem Browser oder E-Mailclient \u00fcbermittelt und in unseren informationstechnischen Systemen gespeichert. Die Verarbeitung dieser personenbezogenen Daten ist notwendig f\u00fcr die Beantwortung Ihrer Anfrage. Zus\u00e4tzlich werden Ihre IP-Adresse und Datum und Uhrzeit der Kontaktanfrage gespeichert wenn Sie uns eine E-Mail schreiben.<\/p>\n\n\n\n<p>Die Datenverarbeitung dient der Beantwortung Ihrer Anfrage.<\/p>\n\n\n\n<p>Diese Verarbeitungen sind rechtm\u00e4\u00dfig, weil die Beantwortung Ihrer Anfrage ein berechtigtes Interesse im Sinne des Art.&nbsp;6 Abs.&nbsp;1 Buchst. f DS-GVO darstellt.<\/p>\n\n\n\n<p>Die personenbezogenen Daten werden solange gespeichert, wie dies zur Beantwortung Ihrer Anfrage erforderlich ist. Sollte Ihre Anfrage zu einem sp\u00e4teren Vertragsschluss f\u00fchren, findet eine Speicherung statt solange dies zur Durchf\u00fchrung vorvertraglicher Ma\u00dfnahmen oder zur Erf\u00fcllung des Vertrags erforderlich ist. Danach werden die personenbezogenen Daten routinem\u00e4\u00dfig alle 4 Wochen gel\u00f6scht. Wir f\u00fchren diese personenbezogenen Daten nicht mit anderen Datenquellen zusammen. Eine Datenweitergabe an Dritte findet nicht statt. Eine \u00dcbermittlung in ein Drittland oder an eine internationale Organisation ist nicht beabsichtigt. Sie sind zur Bereitstellung dieser personenbezogenen Daten nicht verpflichtet, eine Nutzung des Kontaktformulars bzw. der Versand einer E-Mail ist ohne die Bereitstellung jedoch nicht m\u00f6glich.<\/p>\n\n\n\n<h3 class=\"wp-block-heading\">4.4.&nbsp;Server-Log-Dateien<\/h3>\n\n\n\n<p>Der Provider der Seiten erhebt und speichert automatisch Informationen in so genannten Server-Log-Dateien, die Ihr Browser automatisch an uns \u00fcbermittelt. Dies sind:<\/p>\n\n\n\n<ul class=\"wp-block-list\">\n<li>Browsertyp und Browserversion<\/li>\n\n\n\n<li>verwendetes Betriebssystem<\/li>\n\n\n\n<li>Referrer URL<\/li>\n\n\n\n<li>Hostname des zugreifenden Rechners<\/li>\n\n\n\n<li>Uhrzeit der Serveranfrage<\/li>\n\n\n\n<li>IP-Adresse<\/li>\n<\/ul>\n\n\n\n<p>Eine Zusammenf\u00fchrung dieser Daten mit anderen Datenquellen wird nicht vorgenommen.<\/p>\n\n\n\n<p>Grundlage f\u00fcr die Datenverarbeitung ist Art. 6 Abs. 1 lit. b DSGVO, der die Verarbeitung von Daten zur Erf\u00fcllung eines Vertrags oder vorvertraglicher Ma\u00dfnahmen gestattet.<\/p>\n\n\n\n<h2 class=\"wp-block-heading\">5. Betroffenenrechte<\/h2>\n\n\n\n<p>Sie haben als betroffene Person das Recht auf Auskunft nach Art. 15 DS-GVO, das Recht auf Berichtigung nach Art. 16 DS-GVO, das Recht auf L\u00f6schung nach Art. 17 DS-GVO, das Recht auf Einschr\u00e4nkung der Verarbeitung nach Art. 18 DS-GVO sowie das Recht auf Daten\u00fcbertragbarkeit nach Art. 20 DS-GVO. Beim Auskunftsrecht und beim L\u00f6schungsrecht gelten die Beschr\u00e4nkungen aus \u00a7\u00a7 34, 35 BDSG. Dar\u00fcber hinaus besteht ein Beschwerderecht bei einer Datenschutzaufsichtsbeh\u00f6rde (Art. 77 DSGVO in Verbindung mit \u00a7 19 BDSG).<\/p>\n\n\n\n<h2 class=\"wp-block-heading\">6. Automatisierte Entscheidungen im Einzelfall einschlie\u00dflich Profiling<\/h2>\n\n\n\n<p>Automatisierte Entscheidungen im Einzelfall einschlie\u00dflich Profiling erfolgen nicht.<\/p>\n\n\n\n<h2 class=\"wp-block-heading\">7. Mitteilungspflichten des Verantwortlichen<\/h2>\n\n\n\n<p>Wir teilen allen Empf\u00e4ngern, denen Ihre personenbezogenen Daten offengelegt wurden, jede Berichtigung oder L\u00f6schung ihrer personenbezogenen Daten oder eine Einschr\u00e4nkung der Verarbeitung nach Art.&nbsp;16, Art.&nbsp;17 Abs.&nbsp;1 und Art.&nbsp;18 DS-GVO mit, es sei denn, die Mitteilung ist unm\u00f6glich oder ist mit einem unverh\u00e4ltnism\u00e4\u00dfigen Aufwand verbunden.&nbsp;Wir unterrichten Sie \u00fcber die Empf\u00e4nger, wenn Sie dies verlangen.<\/p>\n\n\n\n<h2 class=\"wp-block-heading\">8. Widerspruchsrecht<\/h2>\n\n\n\n<p>Sie haben das Recht, aus Gr\u00fcnden, die sich aus Ihrer besonderen Situation ergeben, jederzeit gegen die Verarbeitung der Sie betreffenden personenbezogenen Daten, die aufgrund von Art. 6 Abs. 1 Buchst. e oder f DS-GVO erfolgt, Widerspruch einzulegen. Werden personenbezogene Daten verarbeitet, um Direktwerbung zu betreiben, so haben Sie das Recht, jederzeit Widerspruch gegen die Verarbeitung sie betreffender personenbezogener Daten zum Zwecke derartiger Werbung einzulegen.<\/p>\n\n\n\n<h2 class=\"wp-block-heading\">9. Recht auf Widerruf der Einwilligung in die Verarbeitung der personenbezogenen Daten<\/h2>\n\n\n\n<p>Sie haben gem\u00e4\u00df Art. 7 Abs. 3 S. 4 DS-GVO das Recht, Ihre Einwilligung jederzeit zu widerrufen. Die Rechtm\u00e4\u00dfigkeit der aufgrund der Einwilligung bis zum Widerruf erfolgten Verarbeitung wird hiervon nicht ber\u00fchrt. Damit gilt der Widerruf immer nur f\u00fcr die nach dem Widerruf geplante Verarbeitung. Der Widerruf ist formlos per Post oder E-Mail m\u00f6glich. Legen Sie Widerspruch ein, werden wir Ihre personenbezogenen Daten nicht mehr verarbeiten, es sei denn, eine andere (gesetzliche) Grundlage gestattet dies. Erfolgt jedoch ein Widerruf und es liegt kein anderer Erlaubnistatbestand vor, so m\u00fcssen gem\u00e4\u00df Art. 17 Abs. 2 Buchst. b DS-GVO die personenbezogenen Daten auf Ihren Wunsch hin unverz\u00fcglich gel\u00f6scht werden. Der Widerruf kann formfrei erfolgen und sollte gerichtet werden an:<\/p>\n\n\n\n<p>International Association for Medical &amp; Health Humanities, e.V.<\/p>\n\n\n\n<p>Gro\u00dfe Stra\u00dfe 107<\/p>\n\n\n\n<p>28870 Ottersberg<\/p>\n\n\n\n<p>Deutschland<\/p>\n","protected":false},"excerpt":{"rendered":"<p>Datenschutzhinweise nach Art. 13 und 21 DS-GVO 1. Allgemeines Das Institute for Medical &amp; Health Humanities and Artistic Research und die International Association for Medical &amp; Health Humanities and Artistic Research e.V. nehmen den Schutz Ihrer personenbezogenen Daten und die diesem Schutz dienenden gesetzlichen Verpflichtungen [&hellip;]<\/p>\n","protected":false},"author":3,"featured_media":0,"parent":0,"menu_order":0,"comment_status":"closed","ping_status":"closed","template":"","meta":{"footnotes":""},"class_list":["post-979","page","type-page","status-publish","hentry"],"_links":{"self":[{"href":"https:\/\/www.imhar.net\/en\/wp-json\/wp\/v2\/pages\/979","targetHints":{"allow":["GET"]}}],"collection":[{"href":"https:\/\/www.imhar.net\/en\/wp-json\/wp\/v2\/pages"}],"about":[{"href":"https:\/\/www.imhar.net\/en\/wp-json\/wp\/v2\/types\/page"}],"author":[{"embeddable":true,"href":"https:\/\/www.imhar.net\/en\/wp-json\/wp\/v2\/users\/3"}],"replies":[{"embeddable":true,"href":"https:\/\/www.imhar.net\/en\/wp-json\/wp\/v2\/comments?post=979"}],"version-history":[{"count":2,"href":"https:\/\/www.imhar.net\/en\/wp-json\/wp\/v2\/pages\/979\/revisions"}],"predecessor-version":[{"id":1513,"href":"https:\/\/www.imhar.net\/en\/wp-json\/wp\/v2\/pages\/979\/revisions\/1513"}],"wp:attachment":[{"href":"https:\/\/www.imhar.net\/en\/wp-json\/wp\/v2\/media?parent=979"}],"curies":[{"name":"wp","href":"https:\/\/api.w.org\/{rel}","templated":true}]}}